{"id":47,"date":"2022-05-25T14:35:51","date_gmt":"2022-05-25T12:35:51","guid":{"rendered":"https:\/\/www.prieure-carcassonne.fr\/?page_id=47"},"modified":"2024-03-08T12:30:32","modified_gmt":"2024-03-08T11:30:32","slug":"alentours","status":"publish","type":"page","link":"https:\/\/www.prieure-carcassonne.fr\/?page_id=47","title":{"rendered":"Incontournables"},"content":{"rendered":"\n<div class=\"is-layout-flex wp-container-18 wp-block-columns alignwide\" style=\"padding-top:0px;padding-right:0px;padding-bottom:0px;padding-left:0px\">\n<div class=\"is-layout-flow wp-block-column\" style=\"padding-top:1vw;padding-right:1vw;padding-bottom:1vw;padding-left:1vw\">\n<div class=\"is-layout-flow wp-block-group\"><div class=\"wp-block-group__inner-container\"><div class=\"wp-block-image is-style-rounded pic-alentours\">\n<figure class=\"aligncenter size-large is-resized\"><img decoding=\"async\" src=\"https:\/\/www.prieure-carcassonne.fr\/wp-content\/uploads\/2022\/06\/carcassonne-edited.jpg\" alt=\"\" class=\"wp-image-373\" width=\"480\" srcset=\"https:\/\/www.prieure-carcassonne.fr\/wp-content\/uploads\/2022\/06\/carcassonne-edited.jpg 960w, https:\/\/www.prieure-carcassonne.fr\/wp-content\/uploads\/2022\/06\/carcassonne-edited-300x300.jpg 300w, https:\/\/www.prieure-carcassonne.fr\/wp-content\/uploads\/2022\/06\/carcassonne-edited-150x150.jpg 150w, https:\/\/www.prieure-carcassonne.fr\/wp-content\/uploads\/2022\/06\/carcassonne-edited-768x768.jpg 768w\" sizes=\"(max-width: 960px) 100vw, 960px\" \/><\/figure><\/div>\n\n\n<div class=\"is-layout-flow wp-block-group card-alentours\"><div class=\"wp-block-group__inner-container\">\n<h2 class=\"has-text-align-center has-large-font-size\"><strong>VISITEZ LA CIT\u00c9 M\u00c9DI\u00c9VALE \u00e0 10 min<\/strong><\/h2>\n\n\n\n<p>Nich\u00e9e au sommet d\u2019une colline , la Cit\u00e9 m\u00e9di\u00e9vale domine toute la ville et serait l\u2019un des ensembles m\u00e9di\u00e9vaux les mieux conserv\u00e9s au monde. Venez d\u00e9couvrir ce joyau UNESCO de notre histoire et fl\u00e2ner dans ses ruelles pleines de charme. C\u2019est une v\u00e9ritable immersion dans le Moyen-\u00c2ge.<\/p>\n\n\n\n<p class=\"has-text-align-right buble-title\"><strong><a href=\"https:\/\/www.tourisme-carcassonne.fr\/decouvrir\/la-cite-medievale\/\" target=\"_blank\" rel=\"noreferrer noopener\">EN SAVOIR PLUS<\/a><\/strong><\/p>\n<\/div><\/div>\n<\/div><\/div>\n\n\n\n<div class=\"is-layout-flow wp-block-group\"><div class=\"wp-block-group__inner-container\"><div class=\"wp-block-image is-style-rounded pic-alentours\">\n<figure class=\"aligncenter size-large is-resized\"><img decoding=\"async\" loading=\"lazy\" src=\"https:\/\/www.prieure-carcassonne.fr\/wp-content\/uploads\/2022\/06\/carcassonne_centre-1-edited.jpg\" alt=\"\" class=\"wp-image-351\" width=\"480\" height=\"480\" srcset=\"https:\/\/www.prieure-carcassonne.fr\/wp-content\/uploads\/2022\/06\/carcassonne_centre-1-edited.jpg 773w, https:\/\/www.prieure-carcassonne.fr\/wp-content\/uploads\/2022\/06\/carcassonne_centre-1-edited-300x300.jpg 300w, https:\/\/www.prieure-carcassonne.fr\/wp-content\/uploads\/2022\/06\/carcassonne_centre-1-edited-150x150.jpg 150w, https:\/\/www.prieure-carcassonne.fr\/wp-content\/uploads\/2022\/06\/carcassonne_centre-1-edited-768x769.jpg 768w\" sizes=\"(max-width: 480px) 100vw, 480px\" \/><\/figure><\/div>\n\n\n<div class=\"is-layout-flow wp-block-group card-alentours\"><div class=\"wp-block-group__inner-container\">\n<h2 class=\"has-text-align-center has-large-font-size\"><strong>CARCASSONNE CENTRE VILLE \u00e0 5 min<\/strong><\/h2>\n\n\n\n<p>La Bastide Saint-Louis est le centre de la ville actuelle de Carcassonne, mais elle date de 1209. Elle concentre la convivialit\u00e9 \u00e0 la Carcassonnaise avec ses march\u00e9s, des petites boutiques, restaurants et de nombreuses visites culturelles.<\/p>\n\n\n\n<p class=\"has-text-align-right buble-title\"><strong><a href=\"https:\/\/www.tourisme-carcassonne.fr\/decouvrir\/la-bastide-saint-louis\/\" target=\"_blank\" rel=\"noreferrer noopener\">EN SAVOIR PLUS<\/a><\/strong><\/p>\n<\/div><\/div>\n<\/div><\/div>\n\n\n\n<div class=\"is-layout-flow wp-block-group\"><div class=\"wp-block-group__inner-container\"><div class=\"wp-block-image is-style-rounded pic-alentours\">\n<figure class=\"aligncenter size-large is-resized\"><img decoding=\"async\" loading=\"lazy\" src=\"https:\/\/www.prieure-carcassonne.fr\/wp-content\/uploads\/2022\/07\/Gouffre-de-Cabrespine-par-Herve\u0301-Leclair_Aspheries-141-edited.jpg\" alt=\"\" class=\"wp-image-446\" width=\"480\" height=\"480\" srcset=\"https:\/\/www.prieure-carcassonne.fr\/wp-content\/uploads\/2022\/07\/Gouffre-de-Cabrespine-par-Herve\u0301-Leclair_Aspheries-141-edited.jpg 1280w, https:\/\/www.prieure-carcassonne.fr\/wp-content\/uploads\/2022\/07\/Gouffre-de-Cabrespine-par-Herve\u0301-Leclair_Aspheries-141-edited-300x300.jpg 300w, https:\/\/www.prieure-carcassonne.fr\/wp-content\/uploads\/2022\/07\/Gouffre-de-Cabrespine-par-Herve\u0301-Leclair_Aspheries-141-edited-1024x1024.jpg 1024w, https:\/\/www.prieure-carcassonne.fr\/wp-content\/uploads\/2022\/07\/Gouffre-de-Cabrespine-par-Herve\u0301-Leclair_Aspheries-141-edited-150x150.jpg 150w, https:\/\/www.prieure-carcassonne.fr\/wp-content\/uploads\/2022\/07\/Gouffre-de-Cabrespine-par-Herve\u0301-Leclair_Aspheries-141-edited-768x768.jpg 768w\" sizes=\"(max-width: 480px) 100vw, 480px\" \/><\/figure><\/div>\n\n\n<div class=\"is-layout-flow wp-block-group card-alentours\"><div class=\"wp-block-group__inner-container\">\n<h2 class=\"has-text-align-center has-large-font-size\"><strong>GOUFFRE G\u00c9ANT DE CABRESPINE<\/strong> <strong>\u00e0 30min<\/strong><\/h2>\n\n\n\n<p>Le Gouffre G\u00e9ant de Cabrespine fait partie des 10 plus belles cavernes d\u2019Europe, d\u2019une profondeur de 250 m\u00e8tres. Impressionnant ! Il offre la particularit\u00e9 de renfermer en son sein une diversit\u00e9 de formations in\u00e9gal\u00e9e jusqu\u2019\u00e0 pr\u00e9sent. Venez vivre le grand frisson sur le balcon suspendu au-dessus du vide. Visites sp\u00e9l\u00e9o possibles<\/p>\n\n\n\n<p class=\"has-text-align-right buble-title\"><strong><a href=\"https:\/\/www.gouffre-de-cabrespine.com\/\" target=\"_blank\" rel=\"noreferrer noopener\">EN SAVOIR PLUS<\/a><\/strong><\/p>\n<\/div><\/div>\n<\/div><\/div>\n\n\n\n<div class=\"is-layout-flow wp-block-group\"><div class=\"wp-block-group__inner-container\"><div class=\"wp-block-image is-style-rounded pic-alentours\">\n<figure class=\"aligncenter size-large is-resized\"><img decoding=\"async\" loading=\"lazy\" src=\"https:\/\/www.prieure-carcassonne.fr\/wp-content\/uploads\/2022\/06\/vignes-1-edited.jpg\" alt=\"\" class=\"wp-image-353\" width=\"480\" height=\"480\" srcset=\"https:\/\/www.prieure-carcassonne.fr\/wp-content\/uploads\/2022\/06\/vignes-1-edited.jpg 914w, https:\/\/www.prieure-carcassonne.fr\/wp-content\/uploads\/2022\/06\/vignes-1-edited-300x300.jpg 300w, https:\/\/www.prieure-carcassonne.fr\/wp-content\/uploads\/2022\/06\/vignes-1-edited-150x150.jpg 150w, https:\/\/www.prieure-carcassonne.fr\/wp-content\/uploads\/2022\/06\/vignes-1-edited-768x768.jpg 768w\" sizes=\"(max-width: 480px) 100vw, 480px\" \/><\/figure><\/div>\n\n\n<div class=\"is-layout-flow wp-block-group card-alentours\"><div class=\"wp-block-group__inner-container\">\n<h2 class=\"has-text-align-center has-large-font-size\"><strong>BALADES DANS LES VIGNES <\/strong><br><strong>&amp; D\u00c9PARTS DE RANDONN\u00c9ES SUR PLACE<\/strong><\/h2>\n\n\n\n<p>De nombreuses balades et sentiers balis\u00e9s de randonn\u00e9es p\u00e9destres et VTT autour de Carcassonne dans l\u2019Aude Pays Cathare, en Montagne Noire, Alaric, Minervois, Cabard\u00e8s, Malep\u00e8re \u2026 Nous proposons des v\u00e9los pour vos sorties<\/p>\n\n\n\n<p class=\"has-text-align-right buble-title\"><strong><a href=\"https:\/\/www.grand-carcassonne-tourisme.fr\/votre-sejour\/activites\/rando\/\" target=\"_blank\" rel=\"noreferrer noopener\">EN SAVOIR PLUS<\/a><\/strong><\/p>\n<\/div><\/div>\n<\/div><\/div>\n<\/div>\n\n\n\n<div class=\"is-layout-flow wp-block-column\" style=\"padding-top:1vw;padding-right:1vw;padding-bottom:1vw;padding-left:1vw\">\n<figure class=\"wp-block-image size-full is-resized flower-contact\"><img decoding=\"async\" loading=\"lazy\" src=\"https:\/\/www.prieure-carcassonne.fr\/wp-content\/uploads\/2022\/06\/fleur@2x.png\" alt=\"\" class=\"wp-image-292\" width=\"435\" height=\"383\" srcset=\"https:\/\/www.prieure-carcassonne.fr\/wp-content\/uploads\/2022\/06\/fleur@2x.png 870w, https:\/\/www.prieure-carcassonne.fr\/wp-content\/uploads\/2022\/06\/fleur@2x-300x264.png 300w, https:\/\/www.prieure-carcassonne.fr\/wp-content\/uploads\/2022\/06\/fleur@2x-768x675.png 768w\" sizes=\"(max-width: 435px) 100vw, 435px\" \/><\/figure>\n\n\n\n<div style=\"height:100px\" aria-hidden=\"true\" class=\"wp-block-spacer\"><\/div>\n\n\n\n<div class=\"is-layout-flow wp-block-group\"><div class=\"wp-block-group__inner-container\"><div class=\"wp-block-image is-style-rounded pic-alentours\">\n<figure class=\"aligncenter size-large is-resized\"><img decoding=\"async\" loading=\"lazy\" src=\"https:\/\/www.prieure-carcassonne.fr\/wp-content\/uploads\/2022\/06\/canal_midi-1-edited.jpg\" alt=\"\" class=\"wp-image-350\" width=\"480\" height=\"480\" srcset=\"https:\/\/www.prieure-carcassonne.fr\/wp-content\/uploads\/2022\/06\/canal_midi-1-edited.jpg 810w, https:\/\/www.prieure-carcassonne.fr\/wp-content\/uploads\/2022\/06\/canal_midi-1-edited-300x300.jpg 300w, https:\/\/www.prieure-carcassonne.fr\/wp-content\/uploads\/2022\/06\/canal_midi-1-edited-150x150.jpg 150w, https:\/\/www.prieure-carcassonne.fr\/wp-content\/uploads\/2022\/06\/canal_midi-1-edited-768x767.jpg 768w\" sizes=\"(max-width: 480px) 100vw, 480px\" \/><\/figure><\/div>\n\n\n<div class=\"is-layout-flow wp-block-group card-alentours\"><div class=\"wp-block-group__inner-container\">\n<h2 class=\"has-text-align-center has-large-font-size\"><strong>CANAL DU MIDI \u00e0 2min<\/strong><\/h2>\n\n\n\n<p>\u0152uvre de Pierre-Paul Riquet r\u00e9alis\u00e9e au XVII\u00e8 si\u00e8cle pour relier l\u2019Atlantique \u00e0 la M\u00e9diterran\u00e9e, le Canal du Midi autrefois utilis\u00e9 pour le transport de marchandises et de personnes, traverse le c\u0153ur de la ville de Carcassonne. UNESCO<\/p>\n\n\n\n<p class=\"has-text-align-right buble-title\"><strong><a href=\"https:\/\/www.tourisme-carcassonne.fr\/decouvrir\/le-canal-du-midi\/\" target=\"_blank\" rel=\"noreferrer noopener\">EN SAVOIR PLUS<\/a><\/strong><\/p>\n<\/div><\/div>\n<\/div><\/div>\n\n\n\n<div class=\"is-layout-flow wp-block-group\"><div class=\"wp-block-group__inner-container\"><div class=\"wp-block-image is-style-rounded pic-alentours\">\n<figure class=\"aligncenter size-large is-resized\"><img decoding=\"async\" loading=\"lazy\" src=\"https:\/\/www.prieure-carcassonne.fr\/wp-content\/uploads\/2022\/07\/grotte_limousis1-edited.jpg\" alt=\"\" class=\"wp-image-443\" width=\"480\" height=\"480\" srcset=\"https:\/\/www.prieure-carcassonne.fr\/wp-content\/uploads\/2022\/07\/grotte_limousis1-edited.jpg 2000w, https:\/\/www.prieure-carcassonne.fr\/wp-content\/uploads\/2022\/07\/grotte_limousis1-edited-300x300.jpg 300w, https:\/\/www.prieure-carcassonne.fr\/wp-content\/uploads\/2022\/07\/grotte_limousis1-edited-1024x1024.jpg 1024w, https:\/\/www.prieure-carcassonne.fr\/wp-content\/uploads\/2022\/07\/grotte_limousis1-edited-150x150.jpg 150w, https:\/\/www.prieure-carcassonne.fr\/wp-content\/uploads\/2022\/07\/grotte_limousis1-edited-768x768.jpg 768w, https:\/\/www.prieure-carcassonne.fr\/wp-content\/uploads\/2022\/07\/grotte_limousis1-edited-1536x1536.jpg 1536w, https:\/\/www.prieure-carcassonne.fr\/wp-content\/uploads\/2022\/07\/grotte_limousis1-edited-1568x1568.jpg 1568w\" sizes=\"(max-width: 480px) 100vw, 480px\" \/><\/figure><\/div>\n\n\n<div class=\"is-layout-flow wp-block-group card-alentours\"><div class=\"wp-block-group__inner-container\">\n<h2 class=\"has-text-align-center has-large-font-size\"><strong>GROTTES DE LIMOUSIS<\/strong> <strong>\u00e0 30min<\/strong><\/h2>\n\n\n\n<p>La plus grande grotte am\u00e9nag\u00e9e du pays cathare. Sur un parcours de plus d\u2019un kilom\u00e8tre, vous d\u00e9couvrirez 7 salles diverses et vari\u00e9es, avec des centaines de formations, des gours aux reflets f\u00e9eriques et des cristaux par milliers.<\/p>\n\n\n\n<p class=\"has-text-align-right buble-title\"><strong><a href=\"https:\/\/www.grotte-de-limousis.fr\/\" target=\"_blank\" rel=\"noreferrer noopener\">EN SAVOIR PLUS<\/a><\/strong><\/p>\n<\/div><\/div>\n<\/div><\/div>\n\n\n\n<div class=\"is-layout-flow wp-block-group\"><div class=\"wp-block-group__inner-container\"><div class=\"wp-block-image is-style-rounded pic-alentours\">\n<figure class=\"aligncenter size-large is-resized\"><img decoding=\"async\" loading=\"lazy\" src=\"https:\/\/www.prieure-carcassonne.fr\/wp-content\/uploads\/2022\/06\/lastours-1-edited.jpg\" alt=\"\" class=\"wp-image-352\" width=\"480\" height=\"480\" srcset=\"https:\/\/www.prieure-carcassonne.fr\/wp-content\/uploads\/2022\/06\/lastours-1-edited.jpg 959w, https:\/\/www.prieure-carcassonne.fr\/wp-content\/uploads\/2022\/06\/lastours-1-edited-300x300.jpg 300w, https:\/\/www.prieure-carcassonne.fr\/wp-content\/uploads\/2022\/06\/lastours-1-edited-150x150.jpg 150w, https:\/\/www.prieure-carcassonne.fr\/wp-content\/uploads\/2022\/06\/lastours-1-edited-768x767.jpg 768w\" sizes=\"(max-width: 480px) 100vw, 480px\" \/><\/figure><\/div>\n\n\n<div class=\"is-layout-flow wp-block-group card-alentours\"><div class=\"wp-block-group__inner-container\">\n<h2 class=\"has-text-align-center has-large-font-size\"><strong>CH\u00c2TEAUX DE LASTOURS \u00e0 30 min<\/strong><\/h2>\n\n\n\n<p>Cette cit\u00e9 m\u00e9di\u00e9vale fortifi\u00e9e, dont les origines remontent \u00e0 la p\u00e9riode gallo-romaine, doit sa renomm\u00e9e \u00e0 sa double enceinte, atteignant pr\u00e8s de 3 km de longueur1 et comportant cinquante-deux tours1, qui domine la vall\u00e9e de l\u2019Aude. La Cit\u00e9 comprend \u00e9galement un ch\u00e2teau (le ch\u00e2teau comtal) et une basilique (la basilique Saint-Nazaire).<\/p>\n\n\n\n<p class=\"has-text-align-right buble-title\"><strong><a href=\"https:\/\/www.payscathare.org\/les-sites\/chateaux-de-lastours\" target=\"_blank\" rel=\"noreferrer noopener\">EN SAVOIR PLUS<\/a><\/strong><\/p>\n<\/div><\/div>\n<\/div><\/div>\n\n\n\n<div style=\"height:70px\" aria-hidden=\"true\" class=\"wp-block-spacer\"><\/div>\n\n\n\n<div class=\"is-layout-flow wp-block-group txt-alentours\"><div class=\"wp-block-group__inner-container\">\n<p class=\"has-text-align-center has-large-font-size\"><img decoding=\"async\" loading=\"lazy\" src=\"https:\/\/www.prieure-carcassonne.fr\/wp-content\/uploads\/2022\/06\/Icon-material-local-grocery-store@2x-1.png\" height=\"30\" width=\"30\" alt=\"centre commercial Carcassonne\" style=\"margin-right: .6rem;\"><\/img>Centre commercial <br>et supermarch\u00e9s \u00e0 2km <\/p>\n\n\n\n<p class=\"has-text-align-center has-large-font-size\"><img decoding=\"async\" loading=\"lazy\" src=\"https:\/\/www.prieure-carcassonne.fr\/wp-content\/uploads\/2022\/06\/Icon-material-flight@2x.png\" height=\"40\" width=\"40\" alt=\"a\u00e9roport de Carcassonne\"><\/img>A\u00e9roport de <br>Carcassonne \u00e0 2km <\/p>\n\n\n\n<p class=\"has-text-align-center decorate-title has-extra-large-font-size\">Astuces et conseils<br>de visites hors sentiers avec plaisir !<\/p>\n<\/div><\/div>\n\n\n\n<p><\/p>\n<\/div>\n<\/div>\n\n\n\n<div class=\"is-layout-flex wp-container-23 wp-block-columns alignwide\">\n<div class=\"is-layout-flow wp-block-column\">\n<h2 class=\"has-text-align-center has-large-font-size\">Retrouvez-nous (ainsi que de pr\u00e9cieuses informations) sur les sites des offices de tourisme de Carcassonne &amp; du grand Carcassonne :<\/h2>\n\n\n\n<div class=\"is-layout-flex wp-container-21 wp-block-columns\">\n<div class=\"is-layout-flow wp-block-column\">\n<h4 class=\"has-text-align-center entry-content\"><a rel=\"noreferrer noopener\" href=\"https:\/\/www.grand-carcassonne-tourisme.fr\/chambre-hotes-location\/domaine-du-prieure-gite-le-presbytere\/\" target=\"_blank\">grand-carcassonne-tourisme.fr<\/a><\/h4>\n<\/div>\n\n\n\n<div class=\"is-layout-flow wp-block-column\">\n<h4 class=\"has-text-align-center entry-content\"><a rel=\"noreferrer noopener\" href=\"https:\/\/www.tourisme-carcassonne.fr\/hebergement\/domaine-du-prieure-gite-le-couvent\/\" target=\"_blank\">tourisme-carcassonne.fr<\/a><\/h4>\n<\/div>\n<\/div>\n<\/div>\n<\/div>\n\n\n\n<figure class=\"wp-block-image alignfull size-full parallax-container no-margin\"><img decoding=\"async\" loading=\"lazy\" width=\"960\" height=\"960\" src=\"https:\/\/www.prieure-carcassonne.fr\/wp-content\/uploads\/2022\/06\/carcassonne-1-edited-2.jpg\" alt=\"\" class=\"wp-image-356\" srcset=\"https:\/\/www.prieure-carcassonne.fr\/wp-content\/uploads\/2022\/06\/carcassonne-1-edited-2.jpg 960w, https:\/\/www.prieure-carcassonne.fr\/wp-content\/uploads\/2022\/06\/carcassonne-1-edited-2-300x300.jpg 300w, https:\/\/www.prieure-carcassonne.fr\/wp-content\/uploads\/2022\/06\/carcassonne-1-edited-2-150x150.jpg 150w, https:\/\/www.prieure-carcassonne.fr\/wp-content\/uploads\/2022\/06\/carcassonne-1-edited-2-768x768.jpg 768w\" sizes=\"(max-width: 960px) 100vw, 960px\" \/><\/figure>\n","protected":false},"excerpt":{"rendered":"<p>VISITEZ LA CIT\u00c9 M\u00c9DI\u00c9VALE \u00e0 10 min Nich\u00e9e au sommet d\u2019une colline , la Cit\u00e9 m\u00e9di\u00e9vale domine toute la ville et serait l\u2019un des ensembles m\u00e9di\u00e9vaux les mieux conserv\u00e9s au monde. Venez d\u00e9couvrir ce joyau UNESCO de notre histoire et fl\u00e2ner dans ses ruelles pleines de charme. C\u2019est une v\u00e9ritable immersion dans le Moyen-\u00c2ge. EN&hellip; <a class=\"more-link\" href=\"https:\/\/www.prieure-carcassonne.fr\/?page_id=47\">Poursuivre la lecture <span class=\"screen-reader-text\">Incontournables<\/span><\/a><\/p>\n","protected":false},"author":1,"featured_media":0,"parent":0,"menu_order":0,"comment_status":"closed","ping_status":"closed","template":"","meta":[],"_links":{"self":[{"href":"https:\/\/www.prieure-carcassonne.fr\/index.php?rest_route=\/wp\/v2\/pages\/47"}],"collection":[{"href":"https:\/\/www.prieure-carcassonne.fr\/index.php?rest_route=\/wp\/v2\/pages"}],"about":[{"href":"https:\/\/www.prieure-carcassonne.fr\/index.php?rest_route=\/wp\/v2\/types\/page"}],"author":[{"embeddable":true,"href":"https:\/\/www.prieure-carcassonne.fr\/index.php?rest_route=\/wp\/v2\/users\/1"}],"replies":[{"embeddable":true,"href":"https:\/\/www.prieure-carcassonne.fr\/index.php?rest_route=%2Fwp%2Fv2%2Fcomments&post=47"}],"version-history":[{"count":49,"href":"https:\/\/www.prieure-carcassonne.fr\/index.php?rest_route=\/wp\/v2\/pages\/47\/revisions"}],"predecessor-version":[{"id":1055,"href":"https:\/\/www.prieure-carcassonne.fr\/index.php?rest_route=\/wp\/v2\/pages\/47\/revisions\/1055"}],"wp:attachment":[{"href":"https:\/\/www.prieure-carcassonne.fr\/index.php?rest_route=%2Fwp%2Fv2%2Fmedia&parent=47"}],"curies":[{"name":"wp","href":"https:\/\/api.w.org\/{rel}","templated":true}]}}