{"id":12,"date":"2022-05-24T16:19:16","date_gmt":"2022-05-24T14:19:16","guid":{"rendered":"https:\/\/www.prieure-carcassonne.fr\/?page_id=12"},"modified":"2024-03-08T12:58:21","modified_gmt":"2024-03-08T11:58:21","slug":"notre-histoire","status":"publish","type":"page","link":"https:\/\/www.prieure-carcassonne.fr\/?page_id=12","title":{"rendered":"Un peu de Nous"},"content":{"rendered":"\n<div class=\"is-layout-flex wp-container-4 wp-block-columns alignwide are-vertically-aligned-center is-style-default\">\n<div class=\"is-layout-flow wp-block-column is-vertically-aligned-center\" style=\"flex-basis:70%\">\n<figure class=\"is-layout-flex wp-block-gallery-1 wp-block-gallery has-nested-images columns-default is-cropped\">\n<figure class=\"wp-block-image size-large\"><img decoding=\"async\" loading=\"lazy\" width=\"881\" height=\"861\" src=\"https:\/\/www.prieure-carcassonne.fr\/wp-content\/uploads\/2024\/03\/qui-sommes-nous-2.jpg\" alt=\"\" class=\"wp-image-1099\" srcset=\"https:\/\/www.prieure-carcassonne.fr\/wp-content\/uploads\/2024\/03\/qui-sommes-nous-2.jpg 881w, https:\/\/www.prieure-carcassonne.fr\/wp-content\/uploads\/2024\/03\/qui-sommes-nous-2-300x293.jpg 300w, https:\/\/www.prieure-carcassonne.fr\/wp-content\/uploads\/2024\/03\/qui-sommes-nous-2-768x751.jpg 768w\" sizes=\"(max-width: 881px) 100vw, 881px\" \/><\/figure>\n\n\n\n<figure class=\"wp-block-image size-large\"><img decoding=\"async\" loading=\"lazy\" width=\"864\" height=\"886\" src=\"https:\/\/www.prieure-carcassonne.fr\/wp-content\/uploads\/2024\/03\/qui-sommes-nous3-2.jpg\" alt=\"\" class=\"wp-image-1096\" srcset=\"https:\/\/www.prieure-carcassonne.fr\/wp-content\/uploads\/2024\/03\/qui-sommes-nous3-2.jpg 864w, https:\/\/www.prieure-carcassonne.fr\/wp-content\/uploads\/2024\/03\/qui-sommes-nous3-2-293x300.jpg 293w, https:\/\/www.prieure-carcassonne.fr\/wp-content\/uploads\/2024\/03\/qui-sommes-nous3-2-768x788.jpg 768w\" sizes=\"(max-width: 864px) 100vw, 864px\" \/><\/figure>\n\n\n\n<figure class=\"wp-block-image size-large\"><img decoding=\"async\" loading=\"lazy\" width=\"851\" height=\"833\" src=\"https:\/\/www.prieure-carcassonne.fr\/wp-content\/uploads\/2024\/03\/qui-sommes-nous2-1.jpg\" alt=\"\" class=\"wp-image-1087\" srcset=\"https:\/\/www.prieure-carcassonne.fr\/wp-content\/uploads\/2024\/03\/qui-sommes-nous2-1.jpg 851w, https:\/\/www.prieure-carcassonne.fr\/wp-content\/uploads\/2024\/03\/qui-sommes-nous2-1-300x294.jpg 300w, https:\/\/www.prieure-carcassonne.fr\/wp-content\/uploads\/2024\/03\/qui-sommes-nous2-1-768x752.jpg 768w\" sizes=\"(max-width: 851px) 100vw, 851px\" \/><\/figure>\n<\/figure>\n<\/div>\n<\/div>\n\n\n\n<p>Artistes dans l&rsquo;\u00e2me et passionn\u00e9s de recyclage, nous d\u00e9tournons beaucoup d&rsquo;objets. Benoit est un bricoleur \u00e9patant et Sabrina a 1000 id\u00e9es \u00e0 l&rsquo;heure ! Pendant ce temps, Anthony apprend avec son papa et nous aide si sa motivation d&rsquo;adolescent se r\u00e9veille&#8230;<\/p>\n\n\n\n<p>Pr\u00e8s de 10 ans de travaux par nous-m\u00eames, en auto r\u00e9novation, des milliers d&rsquo;heures de recherche, de fouille en brocante, de dessins griffonn\u00e9s et d&rsquo;insomnies pour aboutir au r\u00e9sultat que vous jugerez pendant votre s\u00e9jour \u00e0 Carcassonne.<\/p>\n\n\n\n<div class=\"is-layout-flow wp-block-group alignwide\"><div class=\"wp-block-group__inner-container\">\n<h3 class=\"has-text-align-center\">AVANT<\/h3>\n\n\n\n<div class=\"is-layout-flex wp-container-8 wp-block-columns alignwide is-not-stacked-on-mobile\">\n<div class=\"is-layout-flow wp-block-column is-vertically-aligned-center\" style=\"flex-basis:15%\"><div class=\"wp-block-image\">\n<figure class=\"alignright size-full\"><img decoding=\"async\" loading=\"lazy\" width=\"324\" height=\"215\" src=\"https:\/\/www.prieure-carcassonne.fr\/wp-content\/uploads\/2022\/06\/arabesque@2x.png\" alt=\"\" class=\"wp-image-199\" srcset=\"https:\/\/www.prieure-carcassonne.fr\/wp-content\/uploads\/2022\/06\/arabesque@2x.png 324w, https:\/\/www.prieure-carcassonne.fr\/wp-content\/uploads\/2022\/06\/arabesque@2x-300x199.png 300w\" sizes=\"(max-width: 324px) 100vw, 324px\" \/><\/figure><\/div><\/div>\n\n\n\n<div class=\"is-layout-flow wp-block-column is-vertically-aligned-top\" style=\"flex-basis:45%\">\n<figure class=\"wp-block-image size-large\"><img decoding=\"async\" loading=\"lazy\" width=\"1024\" height=\"851\" src=\"https:\/\/www.prieure-carcassonne.fr\/wp-content\/uploads\/2022\/08\/histoire_jardin-1024x851.png\" alt=\"\" class=\"wp-image-531\" srcset=\"https:\/\/www.prieure-carcassonne.fr\/wp-content\/uploads\/2022\/08\/histoire_jardin-1024x851.png 1024w, https:\/\/www.prieure-carcassonne.fr\/wp-content\/uploads\/2022\/08\/histoire_jardin-300x249.png 300w, https:\/\/www.prieure-carcassonne.fr\/wp-content\/uploads\/2022\/08\/histoire_jardin-768x638.png 768w, https:\/\/www.prieure-carcassonne.fr\/wp-content\/uploads\/2022\/08\/histoire_jardin-1536x1276.png 1536w, https:\/\/www.prieure-carcassonne.fr\/wp-content\/uploads\/2022\/08\/histoire_jardin-1568x1302.png 1568w, https:\/\/www.prieure-carcassonne.fr\/wp-content\/uploads\/2022\/08\/histoire_jardin.png 1588w\" sizes=\"(max-width: 1024px) 100vw, 1024px\" \/><\/figure>\n\n\n\n<figure class=\"wp-block-image size-large rotate-img\"><img decoding=\"async\" loading=\"lazy\" width=\"1024\" height=\"851\" src=\"https:\/\/www.prieure-carcassonne.fr\/wp-content\/uploads\/2022\/08\/histoire_presbytere-1024x851.png\" alt=\"\" class=\"wp-image-534\" srcset=\"https:\/\/www.prieure-carcassonne.fr\/wp-content\/uploads\/2022\/08\/histoire_presbytere-1024x851.png 1024w, https:\/\/www.prieure-carcassonne.fr\/wp-content\/uploads\/2022\/08\/histoire_presbytere-300x249.png 300w, https:\/\/www.prieure-carcassonne.fr\/wp-content\/uploads\/2022\/08\/histoire_presbytere-768x638.png 768w, https:\/\/www.prieure-carcassonne.fr\/wp-content\/uploads\/2022\/08\/histoire_presbytere-1536x1276.png 1536w, https:\/\/www.prieure-carcassonne.fr\/wp-content\/uploads\/2022\/08\/histoire_presbytere-1568x1302.png 1568w, https:\/\/www.prieure-carcassonne.fr\/wp-content\/uploads\/2022\/08\/histoire_presbytere.png 1588w\" sizes=\"(max-width: 1024px) 100vw, 1024px\" \/><\/figure>\n<\/div>\n\n\n\n<div class=\"is-layout-flow wp-block-column is-vertically-aligned-top\" style=\"flex-basis:40%\"><div class=\"wp-block-image\">\n<figure class=\"alignleft size-large is-resized\"><img decoding=\"async\" loading=\"lazy\" src=\"https:\/\/www.prieure-carcassonne.fr\/wp-content\/uploads\/2022\/08\/histoire_couvent-753x1024.png\" alt=\"\" class=\"wp-image-533\" width=\"316\" height=\"431\" srcset=\"https:\/\/www.prieure-carcassonne.fr\/wp-content\/uploads\/2022\/08\/histoire_couvent-753x1024.png 753w, https:\/\/www.prieure-carcassonne.fr\/wp-content\/uploads\/2022\/08\/histoire_couvent-221x300.png 221w, https:\/\/www.prieure-carcassonne.fr\/wp-content\/uploads\/2022\/08\/histoire_couvent-768x1044.png 768w, https:\/\/www.prieure-carcassonne.fr\/wp-content\/uploads\/2022\/08\/histoire_couvent.png 773w\" sizes=\"(max-width: 316px) 100vw, 316px\" \/><\/figure><\/div>\n\n<div class=\"wp-block-image\">\n<figure class=\"alignleft size-full is-resized\"><img decoding=\"async\" loading=\"lazy\" src=\"https:\/\/www.prieure-carcassonne.fr\/wp-content\/uploads\/2022\/06\/arabesque2@2x-1.png\" alt=\"\" class=\"wp-image-203\" width=\"256\" height=\"168\" srcset=\"https:\/\/www.prieure-carcassonne.fr\/wp-content\/uploads\/2022\/06\/arabesque2@2x-1.png 511w, https:\/\/www.prieure-carcassonne.fr\/wp-content\/uploads\/2022\/06\/arabesque2@2x-1-300x197.png 300w\" sizes=\"(max-width: 256px) 100vw, 256px\" \/><\/figure><\/div><\/div>\n<\/div>\n<\/div><\/div>\n\n\n\n<div class=\"is-layout-flex wp-container-14 wp-block-columns alignfull no-margin no-gap\">\n<div class=\"is-layout-flow wp-block-column has-background\" style=\"background-color:#c39b4d\">\n<div class=\"is-layout-flow wp-block-group\"><div class=\"wp-block-group__inner-container\">\n<h2 class=\"has-white-color has-text-color\">LE PRESBYT\u00c8RE<\/h2>\n\n\n\n<p class=\"has-white-color has-text-color\">Cette b\u00e2tisse date de 1650. Elle a \u00e9t\u00e9 accol\u00e9e au prieur\u00e9, notre habitation, qui date de 1460 et dont les fondations remontent \u00e0 Charlemagne.<br>La salle de bain du rez de chauss\u00e9e \u00e9tait auparavant une petite cour dans laquelle se trouvait le puits que vous pouvez observer dans la douche.<br>Ces deux maisons communiquaient par l&rsquo;actuel escalier o\u00f9 vous constaterez l&rsquo;ouverture en vo\u00fbte. <\/p>\n\n\n\n<p class=\"has-white-color has-text-color\"><strong>On vous en dira plus mais c&rsquo;est un secret !<\/strong><\/p>\n<\/div><\/div>\n<\/div>\n\n\n\n<div class=\"is-layout-flow wp-block-column has-background\" style=\"background-color:#5e2320\">\n<div class=\"is-layout-flow wp-block-group\"><div class=\"wp-block-group__inner-container\">\n<h2 class=\"has-white-color has-text-color\">LE COUVENT<\/h2>\n\n\n\n<p class=\"has-white-color has-text-color\">Cette b\u00e2tisse date de 1877. Elle a accueilli 19 B\u00e9n\u00e9dictines de la Sainte Famille jusque dans les ann\u00e9es 1960. pour devenir ensuite une agence d&rsquo;assurance coop\u00e9rative pour les agriculteurs.<br>Abandonn\u00e9e dans les ann\u00e9es 2000&#8230;<br>La Chapelle a perdu son autel, que nous avons remplac\u00e9 par une baignoire. Le vitrail, d&rsquo;origine est un bijou que nous tentons de pr\u00e9server. Pensez \u00e0 lever les yeux !<\/p>\n\n\n\n<p class=\"has-white-color has-text-color\"><strong>On vous racontera les anecdotes du pass\u00e9&#8230; <\/strong><\/p>\n<\/div><\/div>\n<\/div>\n<\/div>\n\n\n\n<div class=\"is-layout-flow wp-block-group alignwide\"><div class=\"wp-block-group__inner-container\">\n<h3 class=\"has-text-align-center\"><strong>APR\u00c8S<\/strong><\/h3>\n\n\n\n<div class=\"is-layout-flex wp-container-18 wp-block-columns alignwide is-not-stacked-on-mobile is-style-default\">\n<div class=\"is-layout-flow wp-block-column\" style=\"flex-basis:15%\"><div class=\"wp-block-image\">\n<figure class=\"alignright size-full\"><img decoding=\"async\" loading=\"lazy\" width=\"324\" height=\"215\" src=\"https:\/\/www.prieure-carcassonne.fr\/wp-content\/uploads\/2022\/06\/arabesque@2x.png\" alt=\"\" class=\"wp-image-199\" srcset=\"https:\/\/www.prieure-carcassonne.fr\/wp-content\/uploads\/2022\/06\/arabesque@2x.png 324w, https:\/\/www.prieure-carcassonne.fr\/wp-content\/uploads\/2022\/06\/arabesque@2x-300x199.png 300w\" sizes=\"(max-width: 324px) 100vw, 324px\" \/><\/figure><\/div><\/div>\n\n\n\n<div class=\"is-layout-flow wp-block-column\" style=\"flex-basis:45%\">\n<figure class=\"wp-block-image size-large\"><img decoding=\"async\" loading=\"lazy\" width=\"1024\" height=\"851\" src=\"https:\/\/www.prieure-carcassonne.fr\/wp-content\/uploads\/2022\/08\/histoire_jardin2-1024x851.png\" alt=\"\" class=\"wp-image-535\" srcset=\"https:\/\/www.prieure-carcassonne.fr\/wp-content\/uploads\/2022\/08\/histoire_jardin2-1024x851.png 1024w, https:\/\/www.prieure-carcassonne.fr\/wp-content\/uploads\/2022\/08\/histoire_jardin2-300x249.png 300w, https:\/\/www.prieure-carcassonne.fr\/wp-content\/uploads\/2022\/08\/histoire_jardin2-768x638.png 768w, https:\/\/www.prieure-carcassonne.fr\/wp-content\/uploads\/2022\/08\/histoire_jardin2-1536x1276.png 1536w, https:\/\/www.prieure-carcassonne.fr\/wp-content\/uploads\/2022\/08\/histoire_jardin2-1568x1302.png 1568w, https:\/\/www.prieure-carcassonne.fr\/wp-content\/uploads\/2022\/08\/histoire_jardin2.png 1588w\" sizes=\"(max-width: 1024px) 100vw, 1024px\" \/><\/figure>\n\n\n\n<figure class=\"wp-block-image size-large rotate-img\"><img decoding=\"async\" loading=\"lazy\" width=\"1024\" height=\"851\" src=\"https:\/\/www.prieure-carcassonne.fr\/wp-content\/uploads\/2022\/08\/histoire_presbytere2-1024x851.png\" alt=\"\" class=\"wp-image-537\" srcset=\"https:\/\/www.prieure-carcassonne.fr\/wp-content\/uploads\/2022\/08\/histoire_presbytere2-1024x851.png 1024w, https:\/\/www.prieure-carcassonne.fr\/wp-content\/uploads\/2022\/08\/histoire_presbytere2-300x249.png 300w, https:\/\/www.prieure-carcassonne.fr\/wp-content\/uploads\/2022\/08\/histoire_presbytere2-768x638.png 768w, https:\/\/www.prieure-carcassonne.fr\/wp-content\/uploads\/2022\/08\/histoire_presbytere2-1536x1276.png 1536w, https:\/\/www.prieure-carcassonne.fr\/wp-content\/uploads\/2022\/08\/histoire_presbytere2-1568x1302.png 1568w, https:\/\/www.prieure-carcassonne.fr\/wp-content\/uploads\/2022\/08\/histoire_presbytere2.png 1588w\" sizes=\"(max-width: 1024px) 100vw, 1024px\" \/><\/figure>\n<\/div>\n\n\n\n<div class=\"is-layout-flow wp-block-column\" style=\"flex-basis:40%\"><div class=\"wp-block-image\">\n<figure class=\"alignleft size-large is-resized\"><img decoding=\"async\" loading=\"lazy\" src=\"https:\/\/www.prieure-carcassonne.fr\/wp-content\/uploads\/2022\/08\/histoire_couvent2-753x1024.png\" alt=\"\" class=\"wp-image-536\" width=\"311\" height=\"424\" srcset=\"https:\/\/www.prieure-carcassonne.fr\/wp-content\/uploads\/2022\/08\/histoire_couvent2-753x1024.png 753w, https:\/\/www.prieure-carcassonne.fr\/wp-content\/uploads\/2022\/08\/histoire_couvent2-221x300.png 221w, https:\/\/www.prieure-carcassonne.fr\/wp-content\/uploads\/2022\/08\/histoire_couvent2-768x1044.png 768w, https:\/\/www.prieure-carcassonne.fr\/wp-content\/uploads\/2022\/08\/histoire_couvent2.png 773w\" sizes=\"(max-width: 311px) 100vw, 311px\" \/><\/figure><\/div>\n\n<div class=\"wp-block-image\">\n<figure class=\"alignleft size-full is-resized\"><img decoding=\"async\" loading=\"lazy\" src=\"https:\/\/www.prieure-carcassonne.fr\/wp-content\/uploads\/2022\/06\/arabesque2@2x-1.png\" alt=\"\" class=\"wp-image-203\" width=\"256\" height=\"168\" srcset=\"https:\/\/www.prieure-carcassonne.fr\/wp-content\/uploads\/2022\/06\/arabesque2@2x-1.png 511w, https:\/\/www.prieure-carcassonne.fr\/wp-content\/uploads\/2022\/06\/arabesque2@2x-1-300x197.png 300w\" sizes=\"(max-width: 256px) 100vw, 256px\" \/><\/figure><\/div><\/div>\n<\/div>\n<\/div><\/div>\n\n\n\n<div class=\"is-layout-flex wp-container-21 wp-block-columns alignfull\">\n<div class=\"is-layout-flow wp-block-column\">\n<figure class=\"wp-block-image alignfull size-large no-margin parallax-container\"><img decoding=\"async\" loading=\"lazy\" width=\"1024\" height=\"683\" src=\"https:\/\/www.prieure-carcassonne.fr\/wp-content\/uploads\/2024\/03\/DSC2188-1024x683.jpg\" alt=\"\" class=\"wp-image-1066\" srcset=\"https:\/\/www.prieure-carcassonne.fr\/wp-content\/uploads\/2024\/03\/DSC2188-1024x683.jpg 1024w, https:\/\/www.prieure-carcassonne.fr\/wp-content\/uploads\/2024\/03\/DSC2188-300x200.jpg 300w, https:\/\/www.prieure-carcassonne.fr\/wp-content\/uploads\/2024\/03\/DSC2188-768x513.jpg 768w, https:\/\/www.prieure-carcassonne.fr\/wp-content\/uploads\/2024\/03\/DSC2188-1536x1025.jpg 1536w, https:\/\/www.prieure-carcassonne.fr\/wp-content\/uploads\/2024\/03\/DSC2188-2048x1367.jpg 2048w, https:\/\/www.prieure-carcassonne.fr\/wp-content\/uploads\/2024\/03\/DSC2188-1568x1046.jpg 1568w\" sizes=\"(max-width: 1024px) 100vw, 1024px\" \/><\/figure>\n<\/div>\n<\/div>\n\n\n\n<div class=\"is-layout-flex wp-container-25 wp-block-columns alignfull is-not-stacked-on-mobile is-style-default no-margin no-padding-gap has-white-background-color has-background\">\n<div class=\"is-layout-flow wp-block-column\" style=\"flex-basis:66.66%\">\n<div class=\"is-layout-flow wp-block-group alignfull group-eco has-background\" style=\"background-color:#f8f5ed\"><div class=\"wp-block-group__inner-container\">\n<h2 class=\"no-side-margin has-text-color\" style=\"color:#5e2320\"><strong>D\u00c9MARCHE \u00c9CO-RESPONSABLE<\/strong><\/h2>\n\n\n\n<p class=\"no-side-margin\">Nous sommes engag\u00e9s dans une d\u00e9marche \u00e9co responsable depuis plus de 20 ans.<br> Nous tendons vers une d\u00e9marche le plus z\u00e9ro d\u00e9chet possible. \u00c9videmment, nous ne sommes pas parfaits, mais chaque petit geste compte.<\/p>\n\n\n\n<p class=\"no-side-margin\"> Pour vous accompagner dans ce s\u00e9jour et faire vos premiers pas dans le z\u00e9ro d\u00e9chet, ou continuer votre propre d\u00e9marche, nous fournissons : <br>\u2022 Sur demande : sacs de courses, sacs et contenants \u00e0 vrac\u2026 <br>\u2022 Dans votre maison : des \u00e9ponges lavables ou enti\u00e8rement recyclables, du liquide vaisselle \u00e9co labellis\u00e9 ou fait maison. Nous fabriquons la lessive, les pastilles lave-vaisselle, le gel douche sans toxiques\u2026<\/p>\n\n\n\n<p class=\"no-side-margin has-background\" style=\"background-color:#f8f5ed\"> <strong>Voici quelques-unes des actions d\u00e9j\u00e0 en place : <\/strong><br>\u2022 gestion responsable de l\u2019\u00e9nergie et de l\u2019eau <br>\u2022 Z\u00e9ro pesticides dans notre jardin et nous nourrissons les oiseaux et h\u00e9rissons et les \u00e9cureuils<br>\u2022 Z\u00e9ro produit toxique, y compris en produits m\u00e9nager. Nous fabriquons nos nettoyants multi surface et gel WC. Le papier toilette est choisi pour son minimum d\u2019emballage et sa production \u00e9cologique <br>\u2022 Achats de nos viandes, fruits et l\u00e9gumes aupr\u00e8s de producteurs locaux, sans emballages et bio au maximum. Nous produisons quelques l\u00e9gumes et aromatiques dans le jardin et nous avons des poules<br>\u2022 95% de fait maison pour nos repas (yaourts, p\u00e2tisseries, sauces et plats divers\u2026sauf les viennoiseries, parce que nous n\u2019arrivons pas au niveau de notre boulanger !) Nous savons nous adapter \u00e0 tous les r\u00e9gimes alimentaires (sans gluten, sans lactose, vegan&#8230;)<br>\u2022 Tri et valorisation des d\u00e9chets <br>\u2022 D\u00e9shydrateur solaire <\/p>\n<\/div><\/div>\n<\/div>\n\n\n\n<div class=\"is-layout-flow wp-block-column is-vertically-aligned-center\" style=\"flex-basis:33.33%\"><div class=\"wp-block-image soap-pic \">\n<figure class=\"aligncenter size-full\"><img decoding=\"async\" loading=\"lazy\" width=\"748\" height=\"1032\" src=\"https:\/\/www.prieure-carcassonne.fr\/wp-content\/uploads\/2022\/06\/348187353@2x.png\" alt=\"\" class=\"wp-image-224\" srcset=\"https:\/\/www.prieure-carcassonne.fr\/wp-content\/uploads\/2022\/06\/348187353@2x.png 748w, https:\/\/www.prieure-carcassonne.fr\/wp-content\/uploads\/2022\/06\/348187353@2x-217x300.png 217w, https:\/\/www.prieure-carcassonne.fr\/wp-content\/uploads\/2022\/06\/348187353@2x-742x1024.png 742w\" sizes=\"(max-width: 748px) 100vw, 748px\" \/><\/figure><\/div><\/div>\n<\/div>\n\n\n<div><\/div>","protected":false},"excerpt":{"rendered":"<p>Artistes dans l&rsquo;\u00e2me et passionn\u00e9s de recyclage, nous d\u00e9tournons beaucoup d&rsquo;objets. Benoit est un bricoleur \u00e9patant et Sabrina a 1000 id\u00e9es \u00e0 l&rsquo;heure ! Pendant ce temps, Anthony apprend avec son papa et nous aide si sa motivation d&rsquo;adolescent se r\u00e9veille&#8230; Pr\u00e8s de 10 ans de travaux par nous-m\u00eames, en auto r\u00e9novation, des milliers d&rsquo;heures&hellip; <a class=\"more-link\" href=\"https:\/\/www.prieure-carcassonne.fr\/?page_id=12\">Poursuivre la lecture <span class=\"screen-reader-text\">Un peu de Nous<\/span><\/a><\/p>\n","protected":false},"author":1,"featured_media":0,"parent":0,"menu_order":0,"comment_status":"closed","ping_status":"closed","template":"","meta":[],"_links":{"self":[{"href":"https:\/\/www.prieure-carcassonne.fr\/index.php?rest_route=\/wp\/v2\/pages\/12"}],"collection":[{"href":"https:\/\/www.prieure-carcassonne.fr\/index.php?rest_route=\/wp\/v2\/pages"}],"about":[{"href":"https:\/\/www.prieure-carcassonne.fr\/index.php?rest_route=\/wp\/v2\/types\/page"}],"author":[{"embeddable":true,"href":"https:\/\/www.prieure-carcassonne.fr\/index.php?rest_route=\/wp\/v2\/users\/1"}],"replies":[{"embeddable":true,"href":"https:\/\/www.prieure-carcassonne.fr\/index.php?rest_route=%2Fwp%2Fv2%2Fcomments&post=12"}],"version-history":[{"count":61,"href":"https:\/\/www.prieure-carcassonne.fr\/index.php?rest_route=\/wp\/v2\/pages\/12\/revisions"}],"predecessor-version":[{"id":1112,"href":"https:\/\/www.prieure-carcassonne.fr\/index.php?rest_route=\/wp\/v2\/pages\/12\/revisions\/1112"}],"wp:attachment":[{"href":"https:\/\/www.prieure-carcassonne.fr\/index.php?rest_route=%2Fwp%2Fv2%2Fmedia&parent=12"}],"curies":[{"name":"wp","href":"https:\/\/api.w.org\/{rel}","templated":true}]}}